{"id":146,"date":"2022-09-16T09:28:27","date_gmt":"2022-09-16T07:28:27","guid":{"rendered":"http:\/\/eflcarlsbourg.be\/?page_id=146"},"modified":"2026-01-13T11:16:02","modified_gmt":"2026-01-13T10:16:02","slug":"infos-pratiques","status":"publish","type":"page","link":"https:\/\/eflcarlsbourg.be\/index.php\/infos-pratiques\/","title":{"rendered":"Infos pratiques"},"content":{"rendered":"<h2><span style=\"font-family: arial, helvetica, sans-serif;\"><strong><em><u>Inscription<\/u><\/em><\/strong><\/span><\/h2>\n<p>La demande d\u2019inscription est introduite aupr\u00e8s de la direction de l\u2019\u00e9tablissement. Il est conseill\u00e9 de t\u00e9l\u00e9phoner pour prendre un rendez-vous.<br \/>\nPar l\u2019inscription, vous acceptez le projet \u00e9ducatif, le projet p\u00e9dagogique, le projet d\u2019\u00e9tablissement, le r\u00e8glement des \u00e9tudes et le r\u00e8glement d\u2019ordre int\u00e9rieur.<br \/>\nL\u2019inscription dans l\u2019enseignement primaire et en 3\u00b0 maternelle se prend au plus tard le premier jour\u00a0 de la rentr\u00e9e.<br \/>\nL\u2019inscription est re\u00e7ue toute l\u2019ann\u00e9e dans l\u2019enseignement maternel.<br \/>\nToute demande d\u2019inscription d\u2019un enfant \u00e9mane des parents ou de la personne l\u00e9galement responsable.<br \/>\nEn cas de garde altern\u00e9e, il faut la signature des parents et une copie du jugement prononc\u00e9 par le juge.<\/p>\n<h2><strong><em><u>Changement d\u2019\u00e9cole<\/u><\/em><\/strong><\/h2>\n<p><span style=\"text-decoration: underline;\"><span style=\"color: #800000;\"><strong>El\u00e8ves concern\u00e9s par le tronc commun (M1-P6)<\/strong><\/span><\/span><br \/>\nUn parent d\u2019\u00e9l\u00e8ve ne peut pas changer son enfant d\u2019\u00e9cole librement apr\u00e8s le premier jour de l\u2019ann\u00e9e<br \/>\nscolaire (dans le cas o\u00f9 l\u2019enfant est pr\u00e9sent dans une \u00e9cole d\u00e8s le premier jour de l\u2019ann\u00e9e scolaire).<br \/>\nPour un changement d\u2019\u00e9cole apr\u00e8s le 1er jour de pr\u00e9sence au sein d\u2019une \u00e9cole, les parents devront<br \/>\nintroduire une demande de changement d\u2019\u00e9cole selon une proc\u00e9dure particuli\u00e8re que la direction vous expliquera.<\/p>\n<p>&nbsp;<\/p>\n","protected":false},"excerpt":{"rendered":"<p>Inscription La demande d\u2019inscription est introduite aupr\u00e8s de la direction de l\u2019\u00e9tablissement. Il est conseill\u00e9 de t\u00e9l\u00e9phoner pour prendre un rendez-vous. Par l\u2019inscription, vous acceptez le projet \u00e9ducatif, le projet p\u00e9dagogique, le projet d\u2019\u00e9tablissement, le r\u00e8glement des \u00e9tudes et le r\u00e8glement d\u2019ordre int\u00e9rieur. L\u2019inscription dans l\u2019enseignement primaire et en 3\u00b0 maternelle se prend au plus &hellip; <\/p>\n<p><a class=\"more-link btn\" href=\"https:\/\/eflcarlsbourg.be\/index.php\/infos-pratiques\/\">Lire la suite<\/a><\/p>\n","protected":false},"author":3,"featured_media":0,"parent":0,"menu_order":0,"comment_status":"closed","ping_status":"closed","template":"","meta":[],"_links":{"self":[{"href":"https:\/\/eflcarlsbourg.be\/index.php\/wp-json\/wp\/v2\/pages\/146"}],"collection":[{"href":"https:\/\/eflcarlsbourg.be\/index.php\/wp-json\/wp\/v2\/pages"}],"about":[{"href":"https:\/\/eflcarlsbourg.be\/index.php\/wp-json\/wp\/v2\/types\/page"}],"author":[{"embeddable":true,"href":"https:\/\/eflcarlsbourg.be\/index.php\/wp-json\/wp\/v2\/users\/3"}],"replies":[{"embeddable":true,"href":"https:\/\/eflcarlsbourg.be\/index.php\/wp-json\/wp\/v2\/comments?post=146"}],"version-history":[{"count":9,"href":"https:\/\/eflcarlsbourg.be\/index.php\/wp-json\/wp\/v2\/pages\/146\/revisions"}],"predecessor-version":[{"id":446,"href":"https:\/\/eflcarlsbourg.be\/index.php\/wp-json\/wp\/v2\/pages\/146\/revisions\/446"}],"wp:attachment":[{"href":"https:\/\/eflcarlsbourg.be\/index.php\/wp-json\/wp\/v2\/media?parent=146"}],"curies":[{"name":"wp","href":"https:\/\/api.w.org\/{rel}","templated":true}]}}